{"id":1489,"date":"2020-05-11T18:44:44","date_gmt":"2020-05-11T18:44:44","guid":{"rendered":"http:\/\/preventiva.eu\/?page_id=1489"},"modified":"2020-05-12T20:57:03","modified_gmt":"2020-05-12T20:57:03","slug":"plan-evakuacije","status":"publish","type":"page","link":"https:\/\/preventiva.eu\/index.php\/plan-evakuacije\/","title":{"rendered":"Plan evakuacije"},"content":{"rendered":"<div class=\"wpb-content-wrapper\">[vc_section][vc_row][vc_column width=&#8221;1\/2&#8221;][mnky_heading title=&#8221;Preventiva d.o.o. vr\u0161i za Vas&#8221; heading_tag=&#8221;h4&#8221; font_size=&#8221;20px&#8221; line_color=&#8221;#dd3333&#8221;][vc_empty_space height=&#8221;16px&#8221;][mnky_list_item icon_fontawesome=&#8221;fa fa-check&#8221; css_animation=&#8221;fadeIn&#8221; icon_color=&#8221;#dd3333&#8221;]Izradu plana evakuacije[\/mnky_list_item][mnky_list_item icon_fontawesome=&#8221;fa fa-check&#8221; css_animation=&#8221;fadeIn&#8221; icon_color=&#8221;#dd3333&#8221; link=&#8221;url:http%3A%2F%2Fpreventiva.eu%2Findex.php%2Felaborat-zastite-od-pozara%2F|title:Elaborat%20za%C5%A1tite%20od%20po%C5%BEara||&#8221;]Izradu elaborata i priloga za\u0161tite od po\u017eara[\/mnky_list_item][mnky_list_item icon_fontawesome=&#8221;fa fa-check&#8221; css_animation=&#8221;fadeIn&#8221; icon_color=&#8221;#dd3333&#8221; link=&#8221;url:http%3A%2F%2Fpreventiva.eu%2Findex.php%2Fplan-zastite-od-pozara%2F|title:Plan%20za%C5%A1tite%20od%20po%C5%BEara||&#8221;]Izradu plana za\u0161tite od po\u017eara[\/mnky_list_item][mnky_list_item icon_fontawesome=&#8221;fa fa-check&#8221; css_animation=&#8221;fadeIn&#8221; icon_color=&#8221;#dd3333&#8221;]Sve ostale usluge iz oblasti protivpo\u017earne za\u0161tite[\/mnky_list_item][vc_empty_space height=&#8221;12px&#8221;][vc_column_text][\/vc_column_text][\/vc_column][vc_column width=&#8221;1\/2&#8221;][vc_single_image image=&#8221;1486&#8221; img_size=&#8221;medium&#8221;][\/vc_column][\/vc_row][\/vc_section][vc_row][vc_column][mnky_heading title=&#8221;KOJA JE ZAKONSKA OSNOVA I ODREDBE ZA IZRADU PLANA EVAKUACIJE&#8221;][vc_empty_space][vc_column_text]<strong>Plane evakuacije i uputstva u slu\u010daju po\u017eara <\/strong>\u2013 na osnovu <strong>\u010dlana 16. Zakona za\u0161tite od po\u017eara<\/strong> (Sl. Glasnik RS, br. 94\/19) privredna dru\u0161tva i druga pravna lica i preduzetnici koji su vlasnici, odnosno korisnici objekata ili zemlji\u0161ta kategorija I, II, III i IV stepena rizika ugro\u017eenosti od po\u017eara, donose plan evakuacije i uputstva za postupanje u slu\u010daju po\u017eara.[\/vc_column_text][mnky_heading title=&#8221;\u0160TA JE SVRHA PLANA EVAKUACIJE?&#8221;][vc_empty_space][vc_column_text]Plan evakuacije slu\u017ei da se zaposleni ili zate\u010dena lica u privrednom subjektu ili objektima druge namjene upoznaju sa putevima bezbjedne evakuacije, rasporedom i tipom protivpo\u017earnih aparata, hidranata, ru\u010dnih javlja\u010da po\u017eara kao i polo\u017eajem glavnog razvodnog ormara (GRO)\u00a0 i razvodne table (RT).\n\nPlan evakuacije i uputstva za postupanje u slu\u010daju po\u017eara moraju biti istaknuti na vidljivom mjestu.[\/vc_column_text][\/vc_column][\/vc_row][vc_row][vc_column][vc_column_text]\n\n\n\n[\/vc_column_text][\/vc_column][\/vc_row][vc_row][vc_column][\/vc_column][\/vc_row]<\/div>","protected":false},"excerpt":{"rendered":"<p>[vc_section][vc_row][vc_column width=&#8221;1\/2&#8221;][mnky_heading title=&#8221;Preventiva d.o.o. vr\u0161i za Vas&#8221; heading_tag=&#8221;h4&#8221; font_size=&#8221;20px&#8221; line_color=&#8221;#dd3333&#8221;][vc_empty_space height=&#8221;16px&#8221;][mnky_list_item icon_fontawesome=&#8221;fa fa-check&#8221; css_animation=&#8221;fadeIn&#8221; icon_color=&#8221;#dd3333&#8221;]Izradu plana evakuacije[\/mnky_list_item][mnky_list_item icon_fontawesome=&#8221;fa fa-check&#8221; css_animation=&#8221;fadeIn&#8221; &hellip; <\/p>\n","protected":false},"author":1,"featured_media":0,"parent":0,"menu_order":0,"comment_status":"closed","ping_status":"closed","template":"","meta":[],"yoast_head":"<!-- This site is optimized with the Yoast SEO plugin v14.0.4 - https:\/\/yoast.com\/wordpress\/plugins\/seo\/ -->\n<title>Plan evakuacije | Preventiva d.o.o. Banja Luka<\/title>\n<meta name=\"robots\" content=\"index, follow\" \/>\n<meta name=\"googlebot\" content=\"index, follow, max-snippet:-1, max-image-preview:large, max-video-preview:-1\" \/>\n<meta name=\"bingbot\" content=\"index, follow, max-snippet:-1, max-image-preview:large, max-video-preview:-1\" \/>\n<link rel=\"canonical\" href=\"http:\/\/preventiva.eu\/index.php\/plan-evakuacije\/\" \/>\n<meta property=\"og:locale\" content=\"bs_BA\" \/>\n<meta property=\"og:type\" content=\"article\" \/>\n<meta property=\"og:title\" content=\"Plan evakuacije | Preventiva d.o.o. Banja Luka\" \/>\n<meta property=\"og:description\" content=\"[vc_section][vc_row][vc_column width=&#8221;1\/2&#8221;][mnky_heading title=&#8221;Preventiva d.o.o. vr\u0161i za Vas&#8221; heading_tag=&#8221;h4&#8221; font_size=&#8221;20px&#8221; line_color=&#8221;#dd3333&#8221;][vc_empty_space height=&#8221;16px&#8221;][mnky_list_item icon_fontawesome=&#8221;fa fa-check&#8221; css_animation=&#8221;fadeIn&#8221; icon_color=&#8221;#dd3333&#8221;]Izradu plana evakuacije[\/mnky_list_item][mnky_list_item icon_fontawesome=&#8221;fa fa-check&#8221; css_animation=&#8221;fadeIn&#8221; &hellip;\" \/>\n<meta property=\"og:url\" content=\"http:\/\/preventiva.eu\/index.php\/plan-evakuacije\/\" \/>\n<meta property=\"og:site_name\" content=\"Preventiva d.o.o. Banja Luka\" \/>\n<meta property=\"article:modified_time\" content=\"2020-05-12T20:57:03+00:00\" \/>\n<meta name=\"twitter:card\" content=\"summary_large_image\" \/>\n<script type=\"application\/ld+json\" class=\"yoast-schema-graph\">{\"@context\":\"https:\/\/schema.org\",\"@graph\":[{\"@type\":\"Organization\",\"@id\":\"https:\/\/preventiva.eu\/#organization\",\"name\":\"Preventiva d.o.o.\",\"url\":\"https:\/\/preventiva.eu\/\",\"sameAs\":[],\"logo\":{\"@type\":\"ImageObject\",\"@id\":\"https:\/\/preventiva.eu\/#logo\",\"inLanguage\":\"bs-BA\",\"url\":\"https:\/\/preventiva.eu\/wp-content\/uploads\/2017\/11\/image001.jpg\",\"width\":180,\"height\":50,\"caption\":\"Preventiva d.o.o.\"},\"image\":{\"@id\":\"https:\/\/preventiva.eu\/#logo\"}},{\"@type\":\"WebSite\",\"@id\":\"https:\/\/preventiva.eu\/#website\",\"url\":\"https:\/\/preventiva.eu\/\",\"name\":\"Preventiva\",\"description\":\"Za\\u0161tita na radu, Za\\u0161tita od po\\u017eara, Po\\u017earna ventilacija\",\"publisher\":{\"@id\":\"https:\/\/preventiva.eu\/#organization\"},\"potentialAction\":[{\"@type\":\"SearchAction\",\"target\":\"https:\/\/preventiva.eu\/?s={search_term_string}\",\"query-input\":\"required name=search_term_string\"}],\"inLanguage\":\"bs-BA\"},{\"@type\":\"WebPage\",\"@id\":\"http:\/\/preventiva.eu\/index.php\/plan-evakuacije\/#webpage\",\"url\":\"http:\/\/preventiva.eu\/index.php\/plan-evakuacije\/\",\"name\":\"Plan evakuacije | Preventiva d.o.o. Banja Luka\",\"isPartOf\":{\"@id\":\"https:\/\/preventiva.eu\/#website\"},\"datePublished\":\"2020-05-11T18:44:44+00:00\",\"dateModified\":\"2020-05-12T20:57:03+00:00\",\"inLanguage\":\"bs-BA\",\"potentialAction\":[{\"@type\":\"ReadAction\",\"target\":[\"http:\/\/preventiva.eu\/index.php\/plan-evakuacije\/\"]}]}]}<\/script>\n<!-- \/ Yoast SEO plugin. -->","_links":{"self":[{"href":"https:\/\/preventiva.eu\/index.php\/wp-json\/wp\/v2\/pages\/1489"}],"collection":[{"href":"https:\/\/preventiva.eu\/index.php\/wp-json\/wp\/v2\/pages"}],"about":[{"href":"https:\/\/preventiva.eu\/index.php\/wp-json\/wp\/v2\/types\/page"}],"author":[{"embeddable":true,"href":"https:\/\/preventiva.eu\/index.php\/wp-json\/wp\/v2\/users\/1"}],"replies":[{"embeddable":true,"href":"https:\/\/preventiva.eu\/index.php\/wp-json\/wp\/v2\/comments?post=1489"}],"version-history":[{"count":3,"href":"https:\/\/preventiva.eu\/index.php\/wp-json\/wp\/v2\/pages\/1489\/revisions"}],"predecessor-version":[{"id":1544,"href":"https:\/\/preventiva.eu\/index.php\/wp-json\/wp\/v2\/pages\/1489\/revisions\/1544"}],"wp:attachment":[{"href":"https:\/\/preventiva.eu\/index.php\/wp-json\/wp\/v2\/media?parent=1489"}],"curies":[{"name":"wp","href":"https:\/\/api.w.org\/{rel}","templated":true}]}}